{"id":9264930,"date":"2024-08-26T13:30:38","date_gmt":"2024-08-26T11:30:38","guid":{"rendered":"https:\/\/bobtoolbox.fr\/produit\/obertraun-marine\/"},"modified":"2025-12-12T12:50:02","modified_gmt":"2025-12-12T11:50:02","slug":"obertraun-marine","status":"publish","type":"product","link":"https:\/\/bobtoolbox.fr\/it\/product\/obertraun-marine\/","title":{"rendered":"VESTE HABILLEE VELOURS OBERTRAUN &#8211; LODENFREY"},"content":{"rendered":"<p><!--StartFragment --><\/p>\n<p><strong><span class=\"cf0\">L&rsquo;\u00c9l\u00e9gance Intemporelle : Veste Palatine en Velours Bleu Nuit<\/span><\/strong><\/p>\n<p style=\"text-align: left;\"><span class=\"cf1\">Red\u00e9finissez le chic masculin avec notre veste autrichienne Palatine, une pi\u00e8ce d&rsquo;exception o\u00f9 le<strong> velours bleu nuit<\/strong> rencontre des d\u00e9tails raffin\u00e9s pour une silhouette impeccable.<\/span><\/p>\n<p style=\"text-align: left;\"><span class=\"cf1\">Plongez dans le luxe du velours palatine, une <strong>mati\u00e8re noble<\/strong> qui conf\u00e8re \u00e0 cette veste une texture riche et un tomb\u00e9 parfait. Le profond bleu nuit est subtilement rehauss\u00e9 par des touches de couleur contrastante au col officier et aux passepoils.<\/span><\/p>\n<p><!--EndFragment --><\/p>","protected":false},"excerpt":{"rendered":"<p><!--StartFragment --><\/p>\n<p><strong><span class=\"cf0\">L&rsquo;\u00c9l\u00e9gance Intemporelle : Veste Palatine en Velours Bleu Nuit<\/span><\/strong><\/p>\n<p style=\"text-align: left;\"><span class=\"cf1\">Red\u00e9finissez le chic masculin avec notre veste autrichienne Palatine, une pi\u00e8ce d&rsquo;exception o\u00f9 le<strong> velours bleu nuit<\/strong> rencontre des d\u00e9tails raffin\u00e9s pour une silhouette impeccable.<\/span><\/p>\n<p style=\"text-align: left;\"><span class=\"cf1\">Plongez dans le luxe du velours palatine, une <strong>mati\u00e8re noble<\/strong> qui conf\u00e8re \u00e0 cette veste une texture riche et un tomb\u00e9 parfait. Le profond bleu nuit est subtilement rehauss\u00e9 par des touches de couleur contrastante au col officier et aux passepoils.<\/span><\/p>\n<p><!--EndFragment --><\/p>","protected":false},"featured_media":9264931,"comment_status":"open","ping_status":"closed","template":"","meta":{"_acf_changed":false,"_seopress_robots_primary_cat":"none","_seopress_titles_title":"","_seopress_titles_desc":"","_seopress_robots_index":"","_gspb_post_css":"","_glsr_average":5,"_glsr_ranking":3.75,"_glsr_reviews":2},"product_brand":[],"product_cat":[252],"product_tag":[],"class_list":{"0":"post-9264930","1":"product","2":"type-product","3":"status-publish","4":"has-post-thumbnail","6":"product_cat-la-veste-homme","7":"pa_les-couleurs-bordeaux","8":"pa_les-couleurs-marron","9":"pa_marque-lodenfrey","10":"pa_votre-taille-fr-24","11":"pa_votre-taille-fr-25","12":"pa_votre-taille-fr-26","13":"pa_votre-taille-fr-27","14":"pa_votre-taille-fr-28","15":"pa_votre-taille-fr-56-2","16":"pa_votre-taille-fr-58-2","17":"pa_votre-taille-fr-60-2","18":"pa_votre-taille-fr-32","19":"pa_votre-taille-fr-33","21":"first","22":"instock","23":"taxable","24":"shipping-taxable","25":"purchasable","26":"product-type-variable"},"acf":[],"_links":{"self":[{"href":"https:\/\/bobtoolbox.fr\/it\/wp-json\/wp\/v2\/product\/9264930","targetHints":{"allow":["GET"]}}],"collection":[{"href":"https:\/\/bobtoolbox.fr\/it\/wp-json\/wp\/v2\/product"}],"about":[{"href":"https:\/\/bobtoolbox.fr\/it\/wp-json\/wp\/v2\/types\/product"}],"replies":[{"embeddable":true,"href":"https:\/\/bobtoolbox.fr\/it\/wp-json\/wp\/v2\/comments?post=9264930"}],"wp:featuredmedia":[{"embeddable":true,"href":"https:\/\/bobtoolbox.fr\/it\/wp-json\/wp\/v2\/media\/9264931"}],"wp:attachment":[{"href":"https:\/\/bobtoolbox.fr\/it\/wp-json\/wp\/v2\/media?parent=9264930"}],"wp:term":[{"taxonomy":"product_brand","embeddable":true,"href":"https:\/\/bobtoolbox.fr\/it\/wp-json\/wp\/v2\/product_brand?post=9264930"},{"taxonomy":"product_cat","embeddable":true,"href":"https:\/\/bobtoolbox.fr\/it\/wp-json\/wp\/v2\/product_cat?post=9264930"},{"taxonomy":"product_tag","embeddable":true,"href":"https:\/\/bobtoolbox.fr\/it\/wp-json\/wp\/v2\/product_tag?post=9264930"}],"curies":[{"name":"wp","href":"https:\/\/api.w.org\/{rel}","templated":true}]}}